{"id":822,"date":"2024-03-18T10:52:09","date_gmt":"2024-03-18T09:52:09","guid":{"rendered":"https:\/\/www.kamm-in-straelen.de\/?page_id=822"},"modified":"2024-03-18T11:35:33","modified_gmt":"2024-03-18T10:35:33","slug":"impressum","status":"publish","type":"page","link":"https:\/\/www.kamm-in-straelen.de\/?page_id=822","title":{"rendered":"Impressum"},"content":{"rendered":"\t\t<div data-elementor-type=\"wp-page\" data-elementor-id=\"822\" class=\"elementor elementor-822\">\n\t\t\t\t\t\t<section class=\"elementor-section elementor-top-section elementor-element elementor-element-eafe62f ct-section-stretched elementor-section-boxed elementor-section-height-default elementor-section-height-default\" data-id=\"eafe62f\" data-element_type=\"section\" data-settings=\"{&quot;background_background&quot;:&quot;classic&quot;}\">\n\t\t\t\t\t\t\t<div class=\"elementor-background-overlay\"><\/div>\n\t\t\t\t\t\t\t<div class=\"elementor-container elementor-column-gap-default\">\n\t\t\t\t\t<div class=\"elementor-column elementor-col-50 elementor-top-column elementor-element elementor-element-cf113bd\" data-id=\"cf113bd\" data-element_type=\"column\">\n\t\t\t<div class=\"elementor-widget-wrap elementor-element-populated\">\n\t\t\t\t\t\t<div class=\"elementor-element elementor-element-66c8592 elementor-widget elementor-widget-heading\" data-id=\"66c8592\" data-element_type=\"widget\" data-widget_type=\"heading.default\">\n\t\t\t\t<div class=\"elementor-widget-container\">\n\t\t\t<style>\/*! elementor - v3.20.0 - 11-03-2024 *\/\n.elementor-heading-title{padding:0;margin:0;line-height:1}.elementor-widget-heading .elementor-heading-title[class*=elementor-size-]>a{color:inherit;font-size:inherit;line-height:inherit}.elementor-widget-heading .elementor-heading-title.elementor-size-small{font-size:15px}.elementor-widget-heading .elementor-heading-title.elementor-size-medium{font-size:19px}.elementor-widget-heading .elementor-heading-title.elementor-size-large{font-size:29px}.elementor-widget-heading .elementor-heading-title.elementor-size-xl{font-size:39px}.elementor-widget-heading .elementor-heading-title.elementor-size-xxl{font-size:59px}<\/style><h3 class=\"elementor-heading-title elementor-size-default\">Impressum<\/h3>\t\t<\/div>\n\t\t\t\t<\/div>\n\t\t\t\t\t<\/div>\n\t\t<\/div>\n\t\t\t\t<div class=\"elementor-column elementor-col-50 elementor-top-column elementor-element elementor-element-4a694ad elementor-hidden-tablet elementor-hidden-phone\" data-id=\"4a694ad\" data-element_type=\"column\">\n\t\t\t<div class=\"elementor-widget-wrap\">\n\t\t\t\t\t\t\t<\/div>\n\t\t<\/div>\n\t\t\t\t\t<\/div>\n\t\t<\/section>\n\t\t<div class=\"elementor-element elementor-element-a48dcab e-flex e-con-boxed e-con e-parent\" data-id=\"a48dcab\" data-element_type=\"container\" data-core-v316-plus=\"true\">\n\t\t\t\t\t<div class=\"e-con-inner\">\n\t\t\t\t<div class=\"elementor-element elementor-element-3f75322 elementor-widget elementor-widget-text-editor\" data-id=\"3f75322\" data-element_type=\"widget\" data-widget_type=\"text-editor.default\">\n\t\t\t\t<div class=\"elementor-widget-container\">\n\t\t\t<style>\/*! elementor - v3.20.0 - 11-03-2024 *\/\n.elementor-widget-text-editor.elementor-drop-cap-view-stacked .elementor-drop-cap{background-color:#69727d;color:#fff}.elementor-widget-text-editor.elementor-drop-cap-view-framed .elementor-drop-cap{color:#69727d;border:3px solid;background-color:transparent}.elementor-widget-text-editor:not(.elementor-drop-cap-view-default) .elementor-drop-cap{margin-top:8px}.elementor-widget-text-editor:not(.elementor-drop-cap-view-default) .elementor-drop-cap-letter{width:1em;height:1em}.elementor-widget-text-editor .elementor-drop-cap{float:left;text-align:center;line-height:1;font-size:50px}.elementor-widget-text-editor .elementor-drop-cap-letter{display:inline-block}<\/style>\t\t\t\t<p><b>Kamm In-Medihair<br \/><\/b><span style=\"font-size: inherit; text-align: inherit; background-color: var(--theme-palette-color-8); color: var(--theme-text-color); font-family: var(--theme-font-family); font-style: var(--theme-font-style, inherit); font-weight: var(--theme-font-weight); letter-spacing: var(--theme-letter-spacing); text-transform: var(--theme-text-transform);\">Marienstra\u00dfe 7<br \/>D-47638 Straelen<\/span><\/p><p><strong>Telefon<\/strong> 02834 \u2013 709972<br clear=\"all\" \/><br clear=\"all\" \/><strong>E-Mail<\/strong> kontakt@kamm-in-straelen.de<br clear=\"all\" \/><strong>Webseite<\/strong> <a href=\"http:\/\/www.kamm-in-straelen.de\">www.kamm-in-straelen.de<\/a><\/p><p><strong>Vertretungsberechtigter\u00a0<\/strong>Carmen Volkmann<br clear=\"all\" \/><strong>Verantwortlich f\u00fcr den Inhalt\u00a0<\/strong>Carmen Volkmann<\/p><p>\u00a0<\/p><h4><strong>Haftungsausschluss<\/strong><\/h4><h6>Haftung f\u00fcr Inhalte<\/h6><p>Als Diensteanbieter sind wir gem\u00e4\u00df \u00a7 7 Abs.1 TMG f\u00fcr eigene Inhalte auf diesen Seiten nach den allgemeinen Gesetzen verantwortlich. Nach \u00a7\u00a7 8 bis 10 TMG sind wir als Diensteanbieter jedoch nicht verpflichtet, \u00fcbermittelte oder gespeicherte fremde Informationen zu \u00fcberwachen oder nach Umst\u00e4nden zu forschen, die auf eine rechtswidrige T\u00e4tigkeit hinweisen.<\/p><p>Verpflichtungen zur Entfernung oder Sperrung der Nutzung von Informationen nach den allgemeinen Gesetzen bleiben hiervon unber\u00fchrt. Eine diesbez\u00fcgliche Haftung ist jedoch erst ab dem Zeitpunkt der Kenntnis einer konkreten Rechtsverletzung m\u00f6glich. Bei Bekanntwerden von entsprechenden Rechtsverletzungen werden wir diese Inhalte umgehend entfernen.<\/p><h6>Haftung f\u00fcr Links<\/h6><p>Unser Angebot enth\u00e4lt Links zu externen Websites Dritter, auf deren Inhalte wir keinen Einfluss haben. Deshalb k\u00f6nnen wir f\u00fcr diese fremden Inhalte auch keine Gew\u00e4hr \u00fcbernehmen. F\u00fcr die Inhalte der verlinkten Seiten ist stets der jeweilige Anbieter oder Betreiber der Seiten verantwortlich. Die verlinkten Seiten wurden zum Zeitpunkt der Verlinkung auf m\u00f6gliche Rechtsverst\u00f6\u00dfe \u00fcberpr\u00fcft. Rechtswidrige Inhalte waren zum Zeitpunkt der Verlinkung nicht erkennbar.<\/p><p>Eine permanente inhaltliche Kontrolle der verlinkten Seiten ist jedoch ohne konkrete Anhaltspunkte einer Rechtsverletzung nicht zumutbar. Bei Bekanntwerden von Rechtsverletzungen werden wir derartige Links umgehend entfernen.<\/p><h6>Urheberrecht<\/h6><p>Die durch die Seitenbetreiber erstellten Inhalte und Werke auf diesen Seiten unterliegen dem deutschen Urheberrecht. Die Vervielf\u00e4ltigung, Bearbeitung, Verbreitung und jede Art der Verwertung au\u00dferhalb der Grenzen des Urheberrechtes bed\u00fcrfen der schriftlichen Zustimmung des jeweiligen Autors bzw. Erstellers. Downloads und Kopien dieser Seite sind nur f\u00fcr den privaten, nicht kommerziellen Gebrauch gestattet.<\/p><p>Soweit die Inhalte auf dieser Seite nicht vom Betreiber erstellt wurden, werden die Urheberrechte Dritter beachtet. Insbesondere werden Inhalte Dritter als solche gekennzeichnet. Sollten Sie trotzdem auf eine Urheberrechtsverletzung aufmerksam werden, bitten wir um einen entsprechenden Hinweis. Bei Bekanntwerden von Rechtsverletzungen werden wir derartige Inhalte umgehend entfernen.<\/p>\t\t\t\t\t\t<\/div>\n\t\t\t\t<\/div>\n\t\t\t\t\t<\/div>\n\t\t\t\t<\/div>\n\t\t\t\t<\/div>\n\t\t","protected":false},"excerpt":{"rendered":"<p>Impressum Kamm In-MedihairMarienstra\u00dfe 7D-47638 Straelen Telefon 02834 \u2013 709972E-Mail kontakt@kamm-in-straelen.deWebseite www.kamm-in-straelen.de Vertretungsberechtigter\u00a0Carmen VolkmannVerantwortlich f\u00fcr den Inhalt\u00a0Carmen Volkmann \u00a0 Haftungsausschluss Haftung f\u00fcr Inhalte Als Diensteanbieter sind wir gem\u00e4\u00df \u00a7 7 Abs.1 TMG f\u00fcr eigene Inhalte auf diesen Seiten nach den allgemeinen Gesetzen verantwortlich. Nach \u00a7\u00a7 8 bis 10 TMG sind wir als Diensteanbieter jedoch nicht verpflichtet, [&hellip;]<\/p>\n","protected":false},"author":1,"featured_media":0,"parent":0,"menu_order":0,"comment_status":"closed","ping_status":"closed","template":"","meta":{"footnotes":""},"class_list":["post-822","page","type-page","status-publish","hentry"],"blocksy_meta":{"page_title_panel":"","has_hero_section":"disabled","a021d615acb00704d22a215bb20821ff":"","hero_section":"type-1","hero_elements":[{"id":"custom_title","enabled":true,"heading_tag":"h1","title":"Home"},{"id":"custom_description","enabled":true,"description_visibility":{"desktop":true,"tablet":true,"mobile":false}},{"id":"custom_meta","enabled":false,"meta_elements":[{"id":"author","enabled":true,"label":"By","has_author_avatar":"yes","avatar_size":25},{"id":"post_date","enabled":true,"label":"On","date_format_source":"default","date_format":"M j, Y"},{"id":"comments","enabled":true}],"page_meta_elements":{"joined":true,"articles_count":true,"comments":true}},{"id":"breadcrumbs","enabled":false}],"d0505c9bc2c3a100918983b7672c5e6d":"","hero_alignment1":"left","hero_alignment2":"center","hero_vertical_alignment":"center","69a73150cebfaece67402936f1c0455f":"","hero_structure":"narrow","bd1080d581870d75437a0aec7ce14d23":"","page_title_bg_type":"featured_image","custom_hero_background":{"attachment_id":null},"parallax":{"desktop":false,"tablet":false,"mobile":false},"a45ed0d64b9a771c158335017296bd80":"","hero_height":"250px","pageTitleFont":{"family":"Default","variation":"Default","size":{"desktop":"32px","tablet":"30px","mobile":"25px"},"line-height":"CT_CSS_SKIP_RULE","letter-spacing":"CT_CSS_SKIP_RULE","text-transform":"CT_CSS_SKIP_RULE","text-decoration":"CT_CSS_SKIP_RULE"},"pageTitleFontColor":{"default":{"color":"CT_CSS_SKIP_RULEDEFAULT"}},"pageMetaFont":{"family":"Default","variation":"n6","size":{"desktop":"12px","tablet":"12px","mobile":"12px"},"line-height":"1.3","letter-spacing":"CT_CSS_SKIP_RULE","text-transform":"uppercase","text-decoration":"CT_CSS_SKIP_RULE"},"pageMetaFontColor":{"default":{"color":"CT_CSS_SKIP_RULEDEFAULT"},"hover":{"color":"CT_CSS_SKIP_RULEDEFAULT"}},"pageExcerptFont":{"family":"Default","variation":"Default","size":"CT_CSS_SKIP_RULE","line-height":"CT_CSS_SKIP_RULE","letter-spacing":"CT_CSS_SKIP_RULE","text-transform":"CT_CSS_SKIP_RULE","text-decoration":"CT_CSS_SKIP_RULE"},"pageExcerptColor":{"default":{"color":"CT_CSS_SKIP_RULEDEFAULT"}},"breadcrumbsFont":{"family":"Default","variation":"n6","size":"12px","line-height":"CT_CSS_SKIP_RULE","letter-spacing":"CT_CSS_SKIP_RULE","text-transform":"uppercase","text-decoration":"CT_CSS_SKIP_RULE"},"breadcrumbsFontColor":{"default":{"color":"CT_CSS_SKIP_RULEDEFAULT"},"initial":{"color":"CT_CSS_SKIP_RULEDEFAULT"},"hover":{"color":"CT_CSS_SKIP_RULEDEFAULT"}},"pageTitleOverlay":{"default":{"color":"rgba(41, 51, 60, 0.2)"}},"pageTitleBackground":{"background_type":"color","background_pattern":"type-1","background_image":{"attachment_id":null,"x":0,"y":0},"background_repeat":"no-repeat","background_size":"auto","background_attachment":"scroll","patternColor":{"default":{"color":"#e5e7ea"}},"backgroundColor":{"default":{"color":"#EDEFF2"}}},"c0700eea2d5f2a79943114245d9b0d3c":"","page_structure_type":"default","content_style":"inherit","vertical_spacing_source":"custom","content_area_spacing":"none","background":{"background_type":"color","background_pattern":"type-1","background_image":{"attachment_id":null,"x":0,"y":0},"background_repeat":"no-repeat","background_size":"auto","background_attachment":"scroll","patternColor":{"default":{"color":"#e5e7ea"}},"backgroundColor":{"default":{"color":"CT_CSS_SKIP_RULE"}}},"content_background":{"background_type":"color","background_pattern":"type-1","background_image":{"attachment_id":null,"x":0,"y":0},"background_repeat":"no-repeat","background_size":"auto","background_attachment":"scroll","patternColor":{"default":{"color":"#e5e7ea"}},"backgroundColor":{"default":{"color":"#ffffff"}}},"content_boxed_spacing":{"desktop":"40px","tablet":"35px","mobile":"20px"},"content_boxed_radius":{"top":"3px","bottom":"3px","left":"3px","right":"3px","linked":true},"content_boxed_shadow":{"blur":18,"spread":-6,"v_offset":12,"h_offset":0,"inset":false,"enable":true,"color":{"color":"rgba(34, 56, 101, 0.04)"}},"05c14464af83440d2458a3b59cd3c7c8":"","disable_featured_image":"no","disable_header":"no","disable_footer":"no","styles_descriptor":{"styles":{"desktop":"","tablet":"","mobile":""},"google_fonts":[]}},"yoast_head":"<!-- This site is optimized with the Yoast SEO plugin v24.2 - https:\/\/yoast.com\/wordpress\/plugins\/seo\/ -->\n<title>Impressum - Kamm-In-Medihair<\/title>\n<meta name=\"robots\" content=\"index, follow, max-snippet:-1, max-image-preview:large, max-video-preview:-1\" \/>\n<link rel=\"canonical\" href=\"https:\/\/www.kamm-in-straelen.de\/?page_id=822\" \/>\n<meta property=\"og:locale\" content=\"en_US\" \/>\n<meta property=\"og:type\" content=\"article\" \/>\n<meta property=\"og:title\" content=\"Impressum - Kamm-In-Medihair\" \/>\n<meta property=\"og:description\" content=\"Impressum Kamm In-MedihairMarienstra\u00dfe 7D-47638 Straelen Telefon 02834 \u2013 709972E-Mail kontakt@kamm-in-straelen.deWebseite www.kamm-in-straelen.de Vertretungsberechtigter\u00a0Carmen VolkmannVerantwortlich f\u00fcr den Inhalt\u00a0Carmen Volkmann \u00a0 Haftungsausschluss Haftung f\u00fcr Inhalte Als Diensteanbieter sind wir gem\u00e4\u00df \u00a7 7 Abs.1 TMG f\u00fcr eigene Inhalte auf diesen Seiten nach den allgemeinen Gesetzen verantwortlich. Nach \u00a7\u00a7 8 bis 10 TMG sind wir als Diensteanbieter jedoch nicht verpflichtet, [&hellip;]\" \/>\n<meta property=\"og:url\" content=\"https:\/\/www.kamm-in-straelen.de\/?page_id=822\" \/>\n<meta property=\"og:site_name\" content=\"Kamm-In-Medihair\" \/>\n<meta property=\"article:publisher\" content=\"https:\/\/www.facebook.com\/p\/Kamm-In-Medi-Hair-Friseursalon-Carmen-Volkmann-100057480188062\/?_rdr\" \/>\n<meta property=\"article:modified_time\" content=\"2024-03-18T10:35:33+00:00\" \/>\n<meta name=\"twitter:card\" content=\"summary_large_image\" \/>\n<meta name=\"twitter:label1\" content=\"Est. reading time\" \/>\n\t<meta name=\"twitter:data1\" content=\"2 minutes\" \/>\n<script type=\"application\/ld+json\" class=\"yoast-schema-graph\">{\"@context\":\"https:\/\/schema.org\",\"@graph\":[{\"@type\":\"WebPage\",\"@id\":\"https:\/\/www.kamm-in-straelen.de\/?page_id=822\",\"url\":\"https:\/\/www.kamm-in-straelen.de\/?page_id=822\",\"name\":\"Impressum - Kamm-In-Medihair\",\"isPartOf\":{\"@id\":\"https:\/\/www.kamm-in-straelen.de\/#website\"},\"datePublished\":\"2024-03-18T09:52:09+00:00\",\"dateModified\":\"2024-03-18T10:35:33+00:00\",\"breadcrumb\":{\"@id\":\"https:\/\/www.kamm-in-straelen.de\/?page_id=822#breadcrumb\"},\"inLanguage\":\"en-US\",\"potentialAction\":[{\"@type\":\"ReadAction\",\"target\":[\"https:\/\/www.kamm-in-straelen.de\/?page_id=822\"]}]},{\"@type\":\"BreadcrumbList\",\"@id\":\"https:\/\/www.kamm-in-straelen.de\/?page_id=822#breadcrumb\",\"itemListElement\":[{\"@type\":\"ListItem\",\"position\":1,\"name\":\"Home\",\"item\":\"https:\/\/www.kamm-in-straelen.de\/\"},{\"@type\":\"ListItem\",\"position\":2,\"name\":\"Impressum\"}]},{\"@type\":\"WebSite\",\"@id\":\"https:\/\/www.kamm-in-straelen.de\/#website\",\"url\":\"https:\/\/www.kamm-in-straelen.de\/\",\"name\":\"Kamm-In-Medihair\",\"description\":\"\",\"publisher\":{\"@id\":\"https:\/\/www.kamm-in-straelen.de\/#organization\"},\"potentialAction\":[{\"@type\":\"SearchAction\",\"target\":{\"@type\":\"EntryPoint\",\"urlTemplate\":\"https:\/\/www.kamm-in-straelen.de\/?s={search_term_string}\"},\"query-input\":{\"@type\":\"PropertyValueSpecification\",\"valueRequired\":true,\"valueName\":\"search_term_string\"}}],\"inLanguage\":\"en-US\"},{\"@type\":\"Organization\",\"@id\":\"https:\/\/www.kamm-in-straelen.de\/#organization\",\"name\":\"Kamm-In-Medihair\",\"url\":\"https:\/\/www.kamm-in-straelen.de\/\",\"logo\":{\"@type\":\"ImageObject\",\"inLanguage\":\"en-US\",\"@id\":\"https:\/\/www.kamm-in-straelen.de\/#\/schema\/logo\/image\/\",\"url\":\"https:\/\/www.kamm-in-straelen.de\/wp-content\/uploads\/2024\/03\/KAMM-IN-MEDIHAIR.png\",\"contentUrl\":\"https:\/\/www.kamm-in-straelen.de\/wp-content\/uploads\/2024\/03\/KAMM-IN-MEDIHAIR.png\",\"width\":512,\"height\":128,\"caption\":\"Kamm-In-Medihair\"},\"image\":{\"@id\":\"https:\/\/www.kamm-in-straelen.de\/#\/schema\/logo\/image\/\"},\"sameAs\":[\"https:\/\/www.facebook.com\/p\/Kamm-In-Medi-Hair-Friseursalon-Carmen-Volkmann-100057480188062\/?_rdr\"]}]}<\/script>\n<!-- \/ Yoast SEO plugin. -->","yoast_head_json":{"title":"Impressum - Kamm-In-Medihair","robots":{"index":"index","follow":"follow","max-snippet":"max-snippet:-1","max-image-preview":"max-image-preview:large","max-video-preview":"max-video-preview:-1"},"canonical":"https:\/\/www.kamm-in-straelen.de\/?page_id=822","og_locale":"en_US","og_type":"article","og_title":"Impressum - Kamm-In-Medihair","og_description":"Impressum Kamm In-MedihairMarienstra\u00dfe 7D-47638 Straelen Telefon 02834 \u2013 709972E-Mail kontakt@kamm-in-straelen.deWebseite www.kamm-in-straelen.de Vertretungsberechtigter\u00a0Carmen VolkmannVerantwortlich f\u00fcr den Inhalt\u00a0Carmen Volkmann \u00a0 Haftungsausschluss Haftung f\u00fcr Inhalte Als Diensteanbieter sind wir gem\u00e4\u00df \u00a7 7 Abs.1 TMG f\u00fcr eigene Inhalte auf diesen Seiten nach den allgemeinen Gesetzen verantwortlich. Nach \u00a7\u00a7 8 bis 10 TMG sind wir als Diensteanbieter jedoch nicht verpflichtet, [&hellip;]","og_url":"https:\/\/www.kamm-in-straelen.de\/?page_id=822","og_site_name":"Kamm-In-Medihair","article_publisher":"https:\/\/www.facebook.com\/p\/Kamm-In-Medi-Hair-Friseursalon-Carmen-Volkmann-100057480188062\/?_rdr","article_modified_time":"2024-03-18T10:35:33+00:00","twitter_card":"summary_large_image","twitter_misc":{"Est. reading time":"2 minutes"},"schema":{"@context":"https:\/\/schema.org","@graph":[{"@type":"WebPage","@id":"https:\/\/www.kamm-in-straelen.de\/?page_id=822","url":"https:\/\/www.kamm-in-straelen.de\/?page_id=822","name":"Impressum - Kamm-In-Medihair","isPartOf":{"@id":"https:\/\/www.kamm-in-straelen.de\/#website"},"datePublished":"2024-03-18T09:52:09+00:00","dateModified":"2024-03-18T10:35:33+00:00","breadcrumb":{"@id":"https:\/\/www.kamm-in-straelen.de\/?page_id=822#breadcrumb"},"inLanguage":"en-US","potentialAction":[{"@type":"ReadAction","target":["https:\/\/www.kamm-in-straelen.de\/?page_id=822"]}]},{"@type":"BreadcrumbList","@id":"https:\/\/www.kamm-in-straelen.de\/?page_id=822#breadcrumb","itemListElement":[{"@type":"ListItem","position":1,"name":"Home","item":"https:\/\/www.kamm-in-straelen.de\/"},{"@type":"ListItem","position":2,"name":"Impressum"}]},{"@type":"WebSite","@id":"https:\/\/www.kamm-in-straelen.de\/#website","url":"https:\/\/www.kamm-in-straelen.de\/","name":"Kamm-In-Medihair","description":"","publisher":{"@id":"https:\/\/www.kamm-in-straelen.de\/#organization"},"potentialAction":[{"@type":"SearchAction","target":{"@type":"EntryPoint","urlTemplate":"https:\/\/www.kamm-in-straelen.de\/?s={search_term_string}"},"query-input":{"@type":"PropertyValueSpecification","valueRequired":true,"valueName":"search_term_string"}}],"inLanguage":"en-US"},{"@type":"Organization","@id":"https:\/\/www.kamm-in-straelen.de\/#organization","name":"Kamm-In-Medihair","url":"https:\/\/www.kamm-in-straelen.de\/","logo":{"@type":"ImageObject","inLanguage":"en-US","@id":"https:\/\/www.kamm-in-straelen.de\/#\/schema\/logo\/image\/","url":"https:\/\/www.kamm-in-straelen.de\/wp-content\/uploads\/2024\/03\/KAMM-IN-MEDIHAIR.png","contentUrl":"https:\/\/www.kamm-in-straelen.de\/wp-content\/uploads\/2024\/03\/KAMM-IN-MEDIHAIR.png","width":512,"height":128,"caption":"Kamm-In-Medihair"},"image":{"@id":"https:\/\/www.kamm-in-straelen.de\/#\/schema\/logo\/image\/"},"sameAs":["https:\/\/www.facebook.com\/p\/Kamm-In-Medi-Hair-Friseursalon-Carmen-Volkmann-100057480188062\/?_rdr"]}]}},"_links":{"self":[{"href":"https:\/\/www.kamm-in-straelen.de\/index.php?rest_route=\/wp\/v2\/pages\/822","targetHints":{"allow":["GET"]}}],"collection":[{"href":"https:\/\/www.kamm-in-straelen.de\/index.php?rest_route=\/wp\/v2\/pages"}],"about":[{"href":"https:\/\/www.kamm-in-straelen.de\/index.php?rest_route=\/wp\/v2\/types\/page"}],"author":[{"embeddable":true,"href":"https:\/\/www.kamm-in-straelen.de\/index.php?rest_route=\/wp\/v2\/users\/1"}],"replies":[{"embeddable":true,"href":"https:\/\/www.kamm-in-straelen.de\/index.php?rest_route=%2Fwp%2Fv2%2Fcomments&post=822"}],"version-history":[{"count":13,"href":"https:\/\/www.kamm-in-straelen.de\/index.php?rest_route=\/wp\/v2\/pages\/822\/revisions"}],"predecessor-version":[{"id":875,"href":"https:\/\/www.kamm-in-straelen.de\/index.php?rest_route=\/wp\/v2\/pages\/822\/revisions\/875"}],"wp:attachment":[{"href":"https:\/\/www.kamm-in-straelen.de\/index.php?rest_route=%2Fwp%2Fv2%2Fmedia&parent=822"}],"curies":[{"name":"wp","href":"https:\/\/api.w.org\/{rel}","templated":true}]}}